{"id":6446,"date":"2023-07-12T11:07:42","date_gmt":"2023-07-12T08:07:42","guid":{"rendered":"https:\/\/laspalmas.md\/?page_id=6446"},"modified":"2023-07-12T11:07:44","modified_gmt":"2023-07-12T08:07:44","slug":"pelerinaj-de-2-zile-la-putna-si-manastirile-din-bucovina","status":"publish","type":"page","link":"https:\/\/laspalmas.md\/ru\/pelerinaj-de-2-zile-la-putna-si-manastirile-din-bucovina\/","title":{"rendered":"Pelerinaj de 2 zile la Putna \u0219i M\u0103n\u0103stirile din Bucovina"},"content":{"rendered":"\n<div class=\"wp-block-cover has-background-dim\"><img loading=\"lazy\" width=\"800\" height=\"600\" class=\"wp-block-cover__image-background wp-image-6447\" alt=\"\" src=\"https:\/\/laspalmas.md\/wp-content\/uploads\/2023\/07\/Manastirea-Putna.jpg\" data-object-fit=\"cover\" srcset=\"https:\/\/laspalmas.md\/wp-content\/uploads\/2023\/07\/Manastirea-Putna.jpg 800w, https:\/\/laspalmas.md\/wp-content\/uploads\/2023\/07\/Manastirea-Putna-300x225.jpg 300w, https:\/\/laspalmas.md\/wp-content\/uploads\/2023\/07\/Manastirea-Putna-768x576.jpg 768w, https:\/\/laspalmas.md\/wp-content\/uploads\/2023\/07\/Manastirea-Putna-640x480.jpg 640w\" sizes=\"(max-width: 800px) 100vw, 800px\" \/><div class=\"wp-block-cover__inner-container\">\n<p class=\"has-text-align-center has-large-font-size\"><strong>Pelerinaj la Putna \u0219i M\u0103n\u0103stirile din Bucovina<\/strong><\/p>\n<\/div><\/div>\n\n\n\n<p>Pret:de la 65 euro<\/p>\n\n\n\n<p>Locul Pornirii &#038; \u00centoarcerii Chi\u0219in\u0103u<br>Ora pornirii 23:00<br><br>Plec\u0103ri<br>25.08.2023<br>20.10.2023<br><br>\u00a0PROGRAMA<\/p>\n\n\n\n<p><strong>ZIUA 1<\/strong><\/p>\n\n\n\n<ul><li>Plecare din Chisinau la ora 23:00<\/li><\/ul>\n\n\n\n<p><strong>ZIUA 2<\/strong><\/p>\n\n\n\n<ul><li>Diminea\u021ba ajungem la Putna.<\/li><li>Liturghie la M\u0103n\u0103stirea Putna<\/li><li>Particip\u0103m la liturghie la M\u0103n\u0103stirea Putna, dup\u0103 care lu\u0103m micul dejun.<\/li><li>Chilia lui Daniil Sihastru.<\/li><li>Dup\u0103 vizita Chiliei, servim pr\u00e2nzul la M\u0103n\u0103stirea Putna, dup\u0103 care ne \u00eendrept\u0103m spre M\u0103n\u0103stirea Sih\u0103stria Putnei<\/li><li>Dup\u0103 vizita M\u0103n\u0103stirii Sihastria Putnei, plec\u0103m la M\u0103n\u0103stirea Sucevi\u0163a.<\/li><li>Dup\u0103 vizita M\u0103n\u0103stirii Sucevi\u021ba, ne \u00eendrept\u0103m spre M\u0103n\u0103stirea Moldovi\u0163a.<\/li><li>La final de zi, cazare \u0219i masa la M\u0103n\u0103stirea C\u0103trinari.<\/li><\/ul>\n\n\n\n<p><strong>ZIUA 3<\/strong><\/p>\n\n\n\n<ul><li>\u00cencepem ziua cu asistarea la liturghie la M\u0103n\u0103stirea C\u0103trinari, dupa care servim pr\u00e2nzul.<\/li><li>Continu\u0103m pelerinajul prin vizitarea M\u0103n\u0103stirii Vorone\u021b.<\/li><li>Urm\u0103toarea destina\u021bie \u00een program \u2013 M\u0103n\u0103stirea Humor.<\/li><li>Dup\u0103 M\u0103n\u0103stirea Humor, ne \u00eendrept\u0103m spre M\u0103n\u0103stirea Sf\u00e2ntul Ioan cel Nou de la Suceava<\/li><li>Pornire spre Chi\u0219in\u0103u<\/li><\/ul>\n\n\n\n<p><strong>ZIUA 4<\/strong><\/p>\n\n\n\n<ul><li>Sosire \u00een Chi\u0219in\u0103u aproximativ orele 01:00-05:00<\/li><\/ul>\n\n\n\n<p><strong>SFATURI PENTRU TURI\u0218TI<\/strong><\/p>\n\n\n\n<ul><li><strong>Doamnele \u0219i domni\u0219oarele trebuie s\u0103 fie \u00een fust\u0103 \u0219i cu capul acoperit<\/strong><\/li><li><strong>Se recomand\u0103 s\u0103 ave\u021b<\/strong><strong>i o gustare la pachet.<\/strong><strong><\/strong><\/li><\/ul>\n\n\n\n<p><strong>DETALII<\/strong>&nbsp;<\/p>\n\n\n\n<p><strong>Locul Pornirii &#038; \u00centoarcerii<\/strong><\/p>\n\n\n\n<p>Strada Circului 33 (Circul din Chi\u0219in\u0103u)&nbsp;<\/p>\n\n\n\n<p><strong>Ora Pornirii<\/strong><\/p>\n\n\n\n<p>23:00<\/p>\n\n\n\n<p><strong>Pre\u021bul Include<\/strong><\/p>\n\n\n\n<ul><li>Vizitarea M\u0103n\u0103stirilor indicate \u00een program<\/li><li>Transport tur-retur<\/li><li>Ghid teolog<\/li><li>Cazare 1 nop\u021bi la M\u0103n\u0103stiri (4-6-8 persoane \u00een camer\u0103)<\/li><\/ul>\n\n\n\n<p><strong>Pre\u021bul nu include<\/strong><\/p>\n\n\n\n<ul><li>Cheltuieli personale<\/li><\/ul>\n\n\n\n<p><strong>DESCRIERE<\/strong><\/p>\n\n\n\n<p><strong>M\u0103n\u0103stirea Putna<\/strong><\/p>\n\n\n\n<p>Cronicarul Ion Neculce istoriseste astfel despre felul in care a fost ales locul pe care avea sa fie zidita Manastirea Putna: \u201eStefan-Voda cel Bun, cand s-au apucat sa faca&nbsp;Manastirea Putna, au tras cu arcul dintr-un varfu de munte ce este langa manastire. Si unde au agiunsu sageata, acolo au facut prestolul in oltariul\u201d.<\/p>\n\n\n\n<p><strong>M\u0103n\u0103stirea Sih\u0103stria Putnei<\/strong><\/p>\n\n\n\n<p>Data exacta a infiintarii Sihastriei Putnei nu poate fi stabilita cu deplina certitudine, din cauza lipsei izvoarelor. Potrivit Istoricului Sihastriei Putna, avandu-l ca autor pe egumenul Sila (1753-1781), Sihastria Putnei a fost intemeiata in timpul domniei Binecredinciosului Voievod Stefan cel Mare si Sfant. Vizitarea M\u0103n\u0103stirii Putna (la dorin\u021b\u0103 participarea la vecernie sau la utrenie). De asemenea, doritorii pot urca la Crucea lui \u015etefan cel Mare \u015fi Sf\u00e2nt, iar la final de zi, pelerinii sunt caza\u021bi \u00een Putna.<\/p>\n\n\n\n<p><strong>Chiliea lui Daniil Sihastru<\/strong><\/p>\n\n\n\n<p>Chilia lui Daniil Sihastrul este o grot\u0103 s\u0103pat\u0103 \u00eentr-o st\u00eenca de pe valea p\u00e2r\u00e2ului Vit\u0103u, \u00een care a vie\u021buit ca pustnic Cuviosul Daniil Sihastrul. Ea se afl\u0103 la o distan\u021b\u0103 de circa 1 km de M\u0103n\u0103stirea Putna.<\/p>\n\n\n\n<p><strong>M\u0103n\u0103stirea Moldovi\u0163a<\/strong><\/p>\n\n\n\n<p>Manastirea Moldovita, \u00een\u0103l\u021bat\u0103 de Petru Rare\u0219 \u00een anul 1532 si zugravita in 1537, este o ctitorie noua pe locul \u2013 sau, mai precis, in apropierea \u2013 alteia mai vechi, ruinate. Despre data la care a fost ridicata prima constructie, nu stim nimic precis. In schimb, sunt stiri mai certe legate de construirea monumentului din piatra la inceputul domniei lui Alexandru cel Bun, ale carui ruine se mai vad astazi.<\/p>\n\n\n\n<p><strong>M\u0103n\u0103stirea C\u0103<\/strong><strong>trinari<\/strong><\/p>\n\n\n\n<p>Manastirea C\u0103trinari este un obiectiv turistic din jude\u0163ul Suceava, c\u0103utat din ce \u00een ce mai mult de c\u0103tre turi\u015fti. Jude\u0163ul Suceava este cunoscut la nivel na\u0163ional, chiar \u015fi interna\u0163ional, pentru num\u0103rul foarte mare de construc\u0163ii religioase, perfecte pentru cei care aleg ca \u015fi modalitate de recreere pelerinajul. M\u0103n\u0103stirea este un complex monahal ridicat \u00eentr-o zon\u0103 care administrativ apar\u0163ine de Comun\u0103 Panaci, mai exact pe teritoriul satului Catrinari. Biserica are hramul \u201eAdormirea Maicii Domnului\u201d.<\/p>\n\n\n\n<p><strong>M\u0103n\u0103stirea Vorone\u021b<\/strong><\/p>\n\n\n\n<p>\u00cen centrul unui sat situat la poalele Carpa\u0163ilor, pe sobrul fond verde al p\u0103durii de brazi, se ridic\u0103 o biseric\u0103 simpl\u0103 cu pere\u0163ii exteriori orna\u0163i \u00een fresce \u2013 M\u0103n\u0103stirea Vorone\u021b. Edificiul pare un Evangheliar iluminat larg deschis. Astfel l-au vrut demult pictorii anonimi \u015fi cei care au comandat aceste picturi: pere\u0163ii tapisa\u0163i cu fresce trebuiau s\u0103 figureze ochilor privitorilor \u00eenv\u0103\u0163\u0103tura Scripturii. \u015ei tot astfel se prezint\u0103 ea ast\u0103zi vizitatorilor din lumea \u00eentreag\u0103 emo\u0163iona\u0163i s\u0103 descopere, \u00een mijlocul unei naturi armonioase, un edificiu \u00eenc\u0103 mai armonios, ridicat de mai bine de 500 de ani de m\u00e2ini inspirate exprim\u00e2nd credin\u0163a \u015fi lirismul lor \u00een piatr\u0103 \u015fi culoare.<\/p>\n\n\n\n<p><strong>M\u0103n\u0103stirea Humor<\/strong><\/p>\n\n\n\n<p>\u00cenceputurile M\u0103n\u0103stirii Humor urc\u0103 \u00een veac p\u00e2n\u0103 \u00een vremea domniei lui Alexandru cel Bun. \u00cen vecin\u0103tatea actualei biserici a m\u0103n\u0103stirii Humor se mai v\u0103d \u0219i ast\u0103zi ruinele unei mai vechi biserici m\u0103n\u0103stire\u0219ti \u00een\u0103l\u021bat\u0103 la \u00eenceputul secolului XV.<\/p>\n\n\n\n<p><strong>M\u0103n\u0103stirea Sf\u00e2ntul Ioan cel Nou<\/strong><\/p>\n\n\n\n<p>Biserica Sf\u00e2ntul Ioan cel Nou a fost ridicat\u0103 \u00eentre 1514-1522 de Bogdan al II-lea, fiul lui \u015etefan cel Mare, continuat\u0103 de fiul acestuia \u015etef\u0103ni\u0163\u0103, iar pictura a fost ad\u0103ugat\u0103 mai t\u00e2rziu, \u00een timpul domniei lui Petru Rare\u015f. Este una dintre cele 8 m\u0103n\u0103stiri din jude\u0163ul Suceava aflate \u00een patrimoniul UNESCO. \u00cencep\u00e2nd cu anul 1589 ad\u0103poste\u015fte moa\u015ftele f\u0103c\u0103toare de minuni ale Sf\u00e2ntului Ioan cel Nou, iar \u00een prezent este sediul Arhiepiscopiei Sucevei \u015fi R\u0103d\u0103u\u0163ilor. \u00cen fiecare an, \u00een data de 24 iunie, c\u00e2nd este s\u0103rb\u0103torit\u0103 aducerea moa\u015ftelor Sf. Ioan cel Nou la Suceava, mii de pelerini din toat\u0103 \u0163ar\u0103 vin \u00een pelerinaj la racla cu moa\u015ftele sf\u00e2ntului.&nbsp;<\/p>\n\n\n\n<p><strong>Servicii adi\u021b<\/strong><strong>ionale<\/strong><strong><\/strong><\/p>\n\n\n\n<ul><li>Primele 5 r\u00e2nduri \u00een autocar (10.0 \u20ac)<\/li><li>Loc adi\u021bional \u00een transport (40.0 \u20ac)<\/li><li>Pentru seniori, v\u00e2rsta >66 ani, se achit\u0103 tax\u0103 suplimentar\u0103 pentru asigurarea medical\u0103 (5.0 \u20ac)<\/li><\/ul>\n\n\n\n<p>Camera Single (30.0 \u20ac)<br><\/p>\n","protected":false},"excerpt":{"rendered":"<p>Pret:de la 65 euro Locul Pornirii &#038; \u00centoarcerii Chi\u0219in\u0103uOra pornirii 23:00 Plec\u0103ri25.08.202320.10.2023 \u00a0PROGRAMA ZIUA 1 Plecare din Chisinau la ora 23:00 ZIUA 2 Diminea\u021ba ajungem la Putna. Liturghie la M\u0103n\u0103stirea &#8230;<\/p>\n","protected":false},"author":1,"featured_media":0,"parent":0,"menu_order":0,"comment_status":"closed","ping_status":"closed","template":"","meta":[],"_links":{"self":[{"href":"https:\/\/laspalmas.md\/ru\/wp-json\/wp\/v2\/pages\/6446"}],"collection":[{"href":"https:\/\/laspalmas.md\/ru\/wp-json\/wp\/v2\/pages"}],"about":[{"href":"https:\/\/laspalmas.md\/ru\/wp-json\/wp\/v2\/types\/page"}],"author":[{"embeddable":true,"href":"https:\/\/laspalmas.md\/ru\/wp-json\/wp\/v2\/users\/1"}],"replies":[{"embeddable":true,"href":"https:\/\/laspalmas.md\/ru\/wp-json\/wp\/v2\/comments?post=6446"}],"version-history":[{"count":1,"href":"https:\/\/laspalmas.md\/ru\/wp-json\/wp\/v2\/pages\/6446\/revisions"}],"predecessor-version":[{"id":6448,"href":"https:\/\/laspalmas.md\/ru\/wp-json\/wp\/v2\/pages\/6446\/revisions\/6448"}],"wp:attachment":[{"href":"https:\/\/laspalmas.md\/ru\/wp-json\/wp\/v2\/media?parent=6446"}],"curies":[{"name":"wp","href":"https:\/\/api.w.org\/{rel}","templated":true}]}}