{"id":6433,"date":"2023-07-12T10:25:12","date_gmt":"2023-07-12T07:25:12","guid":{"rendered":"https:\/\/laspalmas.md\/?page_id=6433"},"modified":"2023-07-12T10:25:13","modified_gmt":"2023-07-12T07:25:13","slug":"pelerinaj-de-2-zile-la-manastirile-din-neamt","status":"publish","type":"page","link":"https:\/\/laspalmas.md\/ru\/pelerinaj-de-2-zile-la-manastirile-din-neamt\/","title":{"rendered":"Pelerinaj de 2 zile la M\u0103n\u0103stirile din Neam\u021b"},"content":{"rendered":"\n<div class=\"wp-block-cover has-background-dim\"><img loading=\"lazy\" width=\"1024\" height=\"702\" class=\"wp-block-cover__image-background wp-image-6435\" alt=\"\" src=\"https:\/\/laspalmas.md\/wp-content\/uploads\/2023\/07\/Manastirile-din-Neamt-atrag-anual-sute-de-mii-de-credinciosi-2-1024x702.jpg\" data-object-fit=\"cover\" srcset=\"https:\/\/laspalmas.md\/wp-content\/uploads\/2023\/07\/Manastirile-din-Neamt-atrag-anual-sute-de-mii-de-credinciosi-2-1024x702.jpg 1024w, https:\/\/laspalmas.md\/wp-content\/uploads\/2023\/07\/Manastirile-din-Neamt-atrag-anual-sute-de-mii-de-credinciosi-2-300x206.jpg 300w, https:\/\/laspalmas.md\/wp-content\/uploads\/2023\/07\/Manastirile-din-Neamt-atrag-anual-sute-de-mii-de-credinciosi-2-768x527.jpg 768w, https:\/\/laspalmas.md\/wp-content\/uploads\/2023\/07\/Manastirile-din-Neamt-atrag-anual-sute-de-mii-de-credinciosi-2.jpg 1280w\" sizes=\"(max-width: 1024px) 100vw, 1024px\" \/><div class=\"wp-block-cover__inner-container\">\n<p class=\"has-text-align-center has-large-font-size\"><strong>Pelerinaj la M\u0103n\u0103stirile din Neam\u021b<\/strong><\/p>\n<\/div><\/div>\n\n\n\n<p>Pret:de la 55 euro<\/p>\n\n\n\n<p>Locul Pornirii &#038; \u00centoarcerii Chi\u0219in\u0103u<br><br>Ora pornirii 02:00<br><br><br>Plec\u0103ri<br>12.08.2023<br>07.10.2023<br>02.12.2023<br><br>PROGRAM<\/p>\n\n\n\n<p><strong>ZIUA 1<\/strong><\/p>\n\n\n\n<ul><li>Plecare din Chisinau la ora 02:00.<\/li><li>Diminea\u021ba vom ajunge la M\u0103n\u0103stirea Neam\u021b, unde vom participa la Sf. Liturghie, dup\u0103 care vom servi pr\u00e2nzul. Aici ne vom \u00eenchina la moa\u0219tele Sf. Paisie Velicikovski, Sf. necunoscut de la Neam\u021b, capul Sf. Simeon din Muntele Minunat \u0219i la Icoana f\u0103c\u0103toare de minuni a Maicii Domnului cu Pruncul de la Neam\u021b.<\/li><li>Dup\u0103 m\u0103n\u0103stirea Neam\u021b urmeaz\u0103 vizitarea Schitului Vovidenia \u0219i a Muzeului \u00eenchinat scriitorului Mihail Sadoveanu.<\/li><li>Dup\u0103 aceasta ne vom deplasa la M\u0103n\u0103stirea Secu, unde ne vom \u00eenchina la sfin\u021beniile m\u0103n\u0103stirii.<\/li><li>Dup\u0103 ce vom vizita M\u0103n\u0103stirea Secu ne vom deplasa la M\u0103n\u0103stirea Sih\u0103stria: participarea la slujba de sear\u0103, cazare \u0219i mas\u0103.<\/li><\/ul>\n\n\n\n<p><strong>ZIUA 2<\/strong><\/p>\n\n\n\n<ul><li>M\u0103n\u0103stirea Sih\u0103stria: Participarea la Sf. Liturghie \u0219i pr\u00e2nzul dup\u0103 \u00eencheierea slujbei.<\/li><li>Dup\u0103 Sf. Liturghie de la M\u0103n\u0103stirea Sih\u0103stria ne vom \u00eendrepta spre M\u0103n\u0103stirea Sihla. Aici ne vom \u00eenchina la sfin\u021beniile m\u0103n\u0103stirii dup\u0103 care vom vizita \u0219i Pe\u0219tera Cuvioasei Teodora de la Sihla.<\/li><li>Urmeaz\u0103 vizitarea M\u0103n\u0103stirii Agapia, m\u0103n\u0103stire pictat\u0103 de marele pictor Nicolae Grigorescu, \u0219i \u00eenchinarea la racla cu moa\u0219te de la mai mul\u021bi sfin\u021bi \u0219i la Icoana Maicii Domnului.<\/li><li>Dup\u0103 m\u0103n\u0103stirea Agapia vom vizita M\u0103n\u0103stirea V\u0103ratec, cu \u00eenchinarea la moa\u0219tele sfin\u021bilor Iosif \u0219i Gheorghe Pelerinul, precum \u0219i la Icoana f\u0103c\u0103toare de minuni a Sfintei Ana.<\/li><li>Pornire spre Chi\u0219in\u0103u<\/li><\/ul>\n\n\n\n<p><strong>ZIUA 3<\/strong><\/p>\n\n\n\n<ul><li>Sosire \u00een Chi\u0219in\u0103u aproximativ orele 01:00-05:00<\/li><\/ul>\n\n\n\n<p><strong>DETALII<\/strong><\/p>\n\n\n\n<p><strong>Locul Pornirii &#038; \u00centoarcerii<\/strong><\/p>\n\n\n\n<p>Strada Circului 33 (Circul din Chi\u0219in\u0103u)<\/p>\n\n\n\n<p><strong>Ora Pornirii<\/strong><\/p>\n\n\n\n<p>02:00<\/p>\n\n\n\n<p><strong>Pre\u021bul Include<\/strong><\/p>\n\n\n\n<ul><li>Transport tur-retur<\/li><li>Ghid teolog<\/li><li>Vizitarea M\u0103n\u0103stirilor indicate \u00een program<\/li><li>Cazare 1 noapte la M\u0103n\u0103stire (4-6-8 persoane \u00een camer\u0103)<\/li><\/ul>\n\n\n\n<p><strong>Pre\u021bul nu include<\/strong><\/p>\n\n\n\n<ul><li>Cheltuieli personale<\/li><\/ul>\n\n\n\n<p><strong>DESCRIERE<\/strong><strong>&nbsp;<\/strong><\/p>\n\n\n\n<p><strong>M\u0103n\u0103stirea Neam\u021b<\/strong><\/p>\n\n\n\n<p>La 12 Km, nord-vest de renumita Cetate a Neam\u021bului, \u00eentr-o poian\u0103 larg deschis\u0103 pe valea r\u00eeu\u0219orului Nem\u021bi\u0219or, \u00eenconjurat\u0103 aproape din toate p\u0103r\u021bile de culmi \u00eemp\u0103durite, este a\u0219ezat\u0103 M\u0103n\u0103stirea Neam\u021b, \u201eIerusalimul ortodoxiei rom\u00e2ne\u201d. Este cel mai mare \u0219i mai vechi a\u0219ez\u0103m\u00e2nt monahal din Moldova, fiind declarat monument istoric. M\u0103n\u0103stirea este atestat\u0103 documentar din 1407, \u00eens\u0103 r\u0103d\u0103cinile \u00een timp ale activit\u0103\u021bii monahale se \u00eentind p\u00e2n\u0103 \u00een veacul al XII-lea. Ctitorirea m\u0103n\u0103stirii \u00eei este atribuit\u0103 voievodului Petru I Mu\u0219at (1375-1391), care a construit aici prima biseric\u0103 din piatr\u0103, ast\u0103zi disp\u0103rut\u0103. Pe amplasamentul m\u0103n\u0103stirii existase \u00eens\u0103 o bisericu\u021b\u0103 \u0219i mai veche, din lemn, numit\u0103 Biserica Alb\u0103, construit\u0103 de monahi cu un secol \u00eenainte. Biserica actual\u0103 din incinta m\u0103n\u0103stirii a fost ctitorit\u0103 de voievodul \u0218tefan cel Mare la sf\u00e2r\u0219itul secolului al XV-lea \u0219i are hramul \u00cen\u0103l\u021barea Domnului. \u00cen incinta m\u0103n\u0103stirii se afl\u0103 dou\u0103 biserici, dou\u0103 paraclise, turnul-clopotni\u021b\u0103 cu 11 clopote, Seminarul Teologic \u201eVeniamin Costache\u201d, precum \u0219i un muzeu cu o colec\u021bie de art\u0103 bisericeasc\u0103 \u0219i sala tiparului. Specific este aghiazmatarul circular din fa\u021ba m\u0103n\u0103stirii, unde se face sfin\u021birea apei la hram. \u00cen biseric\u0103 se afl\u0103 o icoan\u0103 a Maicii Domnului pictat\u0103 \u00een anul 665 \u00een Israel, f\u0103c\u0103toare de minuni. A\u0219ez\u0103m\u00e2ntul are cea mai mare \u0219i mai veche bibliotec\u0103 m\u0103n\u0103stireasc\u0103 (18.000 volume) \u0219i a avut o contribu\u021bie deosebit\u0103 la dezvoltarea culturii \u0219i artei medievale rom\u00e2ne\u0219ti. \u00cen camera mormintelor este \u00eengropat \u0218tefan Voievod, unchiul lui \u0218tefan cel Mare, iar \u00een pronaos se afl\u0103 moa\u0219tele sf\u00e2ntului necunoscut descoperite \u00een 1986, prin scoaterea asfaltului de pe alee.<\/p>\n\n\n\n<p><strong>Schitul Vovidenia<\/strong><\/p>\n\n\n\n<p>Schitul Vovidenia dateaz\u0103 din secolul al XVII-lea, fiind rectitorit de c\u0103tre Episcopul Ioanichie al Romanului pe locul vechiului schit numit \u201eSl\u0103tiorul\u201d sau \u201eSpirea\u201d, cu hramul \u201eSf\u00e2ntul Ierarh Spiridon\u201d. Aici au tr\u0103it monahi iubitori de lini\u015fte din M\u0103n\u0103stirea Neam\u0163 \u015fi tot aici \u015fi-a petrecut anii de ucenicie Ioanichie, \u00eenainte de a ajunge episcop, lucru \u00eent\u00e2mplat \u00een anul 1747. Neuit\u00e2nd locul noviciatului s\u0103u, Episcopul Ioanichie ctitore\u015fte aici o biseric\u0103 de lemn \u00een anul 1749, cu hramul \u201eIntrarea \u00een Biseric\u0103 a Maicii Domnului\u201d, sau popular \u201eVovidenia\u201d. Aici vom vizita casa Mitropolitului Visarion Puiu al Bucovinei, \u00een care func\u0163ioneaz\u0103 \u00een prezent un muzeu \u00eenchinat scriitorului Mihail Sadoveanu (1947-1961), prieten al mitropolitului, care a folosit-o \u00eentre anii 1947-1961 drept cas\u0103 de crea\u0163ie.<\/p>\n\n\n\n<p><strong>M\u0103n\u0103stirea Secu<\/strong><\/p>\n\n\n\n<p>M\u0103n\u0103stirea Secu are o vechime de peste 500 de ani, fiind una din cele mai vechi a\u0219ez\u0103ri monahale din Neam\u021b. Aici se va face \u00eenchinare la Icoana f\u0103c\u0103toare de minuni a Maicii Domnului Cipriota \u0219i la chivotul \u00een care s-a p\u0103strat un fragment din piciorul Sf. Ioan Botez\u0103torul, p\u0103rticele de la Sf. Arhid. \u0218tefan, Sf. Ap. Andrei, Sf. Pantelimon, Sf. Haralambie \u0219i Sf. Ioan Gur\u0103 de Aur, moa\u0219tele Sf. Varlaam, dar \u0219i la morm\u00e2ntul Sf. Ioan de la R\u00e2\u0219ca \u0219i Secu.<\/p>\n\n\n\n<p><strong>M\u0103n\u0103stirea Sih\u0103<\/strong><strong>stria<\/strong><\/p>\n\n\n\n<p>M\u0103n\u0103stirea Sih\u0103stria a fost \u00eentemeiata \u00een anul 1655 de episcopul Ghedeon de Hu\u0219i, pe locul numit poiana lui Atanasie. Cimitirul m\u0103n\u0103stirii a devenit loc de pelerinaj, deoarece aici se afl\u0103 mormintele P\u0103rintelui Cleopa \u0219i al P\u0103rintelui Paisie Olaru, unii dintre marii duhovnici ai Moldovei. \u00cen aceast\u0103 m\u0103n\u0103stire vom avea posibilitatea de a ne \u00eenchina la moa\u0219tele a 30 de sfin\u021bi \u0219i la o p\u0103rticic\u0103 din lemnul Sf. Cruci.<\/p>\n\n\n\n<p><strong>M\u0103n\u0103stirea Sihla<\/strong><\/p>\n\n\n\n<p>M\u0103n\u0103stirea Sihla (sau Schitul Sihla) este o m\u0103n\u0103stire ortodox\u0103 din sec. XVIII-XIX, care se afl\u0103 la 1000 m altitudine \u00eentr-o zon\u0103 st\u00e2ncoas\u0103 a Obcinei Sihlei din Mun\u021bii St\u00e2ni\u0219oarei, pe drumul forestier care leag\u0103 satul Agapia de m\u0103n\u0103stirile Sih\u0103stria si Secu. \u00cen apropierea M\u0103n\u0103stirei se afl\u0103 pe\u0219tera \u00een care, \u00een secolul al XVII-lea, a tr\u0103it Cuvioasa Teodora, fiica lui Joldea Arma\u0219u de la Cetatea Neam\u021bului, cea care va fi cunoscut\u0103 \u00een lumea ortodox\u0103 drept Sf\u00e2nta Teodora de la Sihla. Ansamblul este alc\u0103tuit din biserica de lemn \u201eNa\u0219terea Sf. Ioan Botez\u0103torul\u201d \u0219i biserica de lemn \u201eSchimbarea la Fa\u021b\u0103\u201d.<\/p>\n\n\n\n<p><strong>M\u0103n\u0103stirea Agapia<\/strong><\/p>\n\n\n\n<p>M\u0103n\u0103stirea Agapia este situat\u0103 pe valea p\u00e2r\u00e2ului Agapia-Topoli\u0163a, la poalele culmii M\u0103gura, la o distan\u021b\u0103 de 9 km de ora\u0219ul T\u00e2rgu Neam\u021b \u015fi la 3 km de satul Agapia. A\u015fezat\u0103 \u00een mijlocul unei p\u0103duri, este una dintre cele mai mari m\u0103n\u0103stiri de maici din Rom\u00e2nia. M\u0103n\u0103stirea a fost ctitorit\u0103 \u00een sec. al XVII-lea de hatmanul Gavriil, este cunoscut\u0103 pentru pictura realizat\u0103 de Nicolae Grigorescu \u00een 1858. Comunitatea monahal\u0103 numar\u0103 \u00een prezent peste 500 de monahii, fiind cea mai mare din Europa. Casa Memorial\u0103 \u201eAlexandru Vlahu\u021b\u0103\u201d, morm\u00e2ntul p\u0103rintelui Nicodim M\u0103ndi\u021b\u0103, muzeul, atelierul de covoare \u0219i o drume\u021bie la Schitul Agapia Veche fac din Agapia unul dintre cele mai cautate locuri de pelerinaj din Neam\u021b.<\/p>\n\n\n\n<p><strong>M\u0103n\u0103stirea V\u0103ratec<\/strong><\/p>\n\n\n\n<p>M\u0103n\u0103stirea V\u0103ratec, ctitoria Maicii Olimpiada, din secolul al XVIII-lea, are aproximativ 500 de monahii. \u00cen cadrul muzeului m\u0103n\u0103stirii sunt expuse icoane, manuscrise, tapi\u021berii de mare valoare. Aici se afl\u0103 morm\u00e2ntul Veronic\u0103i Micle.<\/p>\n\n\n\n<p><strong>Servicii adi\u021b<\/strong><strong>ionale<\/strong><strong><\/strong><\/p>\n\n\n\n<ul><li>Pentru seniori, v\u00e2rsta >66 ani, se achit\u0103 tax\u0103 suplimentar\u0103 pentru asigurarea medical\u0103 (5.0 \u20ac)<\/li><li>Camera Single (30.0 \u20ac)<\/li><li>Primele 5 r\u00e2nduri \u00een autocar (10.0 \u20ac)<\/li><li>Loc adi\u021bional \u00een transport (40.0 \u20ac)<\/li><\/ul>\n","protected":false},"excerpt":{"rendered":"<p>Pret:de la 55 euro Locul Pornirii &#038; \u00centoarcerii Chi\u0219in\u0103u Ora pornirii 02:00 Plec\u0103ri12.08.202307.10.202302.12.2023 PROGRAM ZIUA 1 Plecare din Chisinau la ora 02:00. Diminea\u021ba vom ajunge la M\u0103n\u0103stirea Neam\u021b, unde vom &#8230;<\/p>\n","protected":false},"author":1,"featured_media":0,"parent":0,"menu_order":0,"comment_status":"closed","ping_status":"closed","template":"","meta":[],"_links":{"self":[{"href":"https:\/\/laspalmas.md\/ru\/wp-json\/wp\/v2\/pages\/6433"}],"collection":[{"href":"https:\/\/laspalmas.md\/ru\/wp-json\/wp\/v2\/pages"}],"about":[{"href":"https:\/\/laspalmas.md\/ru\/wp-json\/wp\/v2\/types\/page"}],"author":[{"embeddable":true,"href":"https:\/\/laspalmas.md\/ru\/wp-json\/wp\/v2\/users\/1"}],"replies":[{"embeddable":true,"href":"https:\/\/laspalmas.md\/ru\/wp-json\/wp\/v2\/comments?post=6433"}],"version-history":[{"count":1,"href":"https:\/\/laspalmas.md\/ru\/wp-json\/wp\/v2\/pages\/6433\/revisions"}],"predecessor-version":[{"id":6436,"href":"https:\/\/laspalmas.md\/ru\/wp-json\/wp\/v2\/pages\/6433\/revisions\/6436"}],"wp:attachment":[{"href":"https:\/\/laspalmas.md\/ru\/wp-json\/wp\/v2\/media?parent=6433"}],"curies":[{"name":"wp","href":"https:\/\/api.w.org\/{rel}","templated":true}]}}