{"id":4548,"date":"2021-03-15T11:44:49","date_gmt":"2021-03-15T08:44:49","guid":{"rendered":"https:\/\/laspalmas.md\/?page_id=4548"},"modified":"2021-03-15T12:19:12","modified_gmt":"2021-03-15T09:19:12","slug":"reguli-de-zbor-spre-franta","status":"publish","type":"page","link":"https:\/\/laspalmas.md\/ru\/reguli-de-zbor-spre-franta\/","title":{"rendered":"REGULI DE ZBOR SPRE FRANTA"},"content":{"rendered":"\n<p><strong>Stima\u0163i pasageri,<\/strong><\/p>\n\n\n\n<p><strong>\u00cencep\u00e2nd cu 31 ianuarie 2021, Fran\u021ba a \u00eenchis frontierele pentru c\u0103l\u0103toriile din\/\u00een afara spa\u021biului european, cu excep\u021bia urm\u0103toarelor categorii de persoane \u0219i motive de urgen\u021b\u0103.<\/strong><\/p>\n\n\n\n<p><strong>Persoanele care c\u0103l\u0103toresc \u00een Fran\u021ba trebuie s\u0103 indepleneasc\u0103 urm\u0103toarele condi\u021bii:<\/strong><\/p>\n\n\n\n<ul><li><strong>s\u0103 fac\u0103 parte din categoria de c\u0103l\u0103tori pentru care se permite intrarea \u00een Fran\u021ba din afar\u0103 spa\u021biului european (categoriile sunt indicate \u00een prima pagina a declara\u0163iei de mai jos)<\/strong><\/li><li><strong>s\u0103 prezinte justificativele privind motivul imperios de c\u0103l\u0103torie (justificativele sunt indicate \u00een declara\u0163ia de mai jos)<\/strong><\/li><li><strong>s\u0103 prezinte testul negativ&nbsp;RT PCR COVID-19, efectuat nu mai devreme de 72 ore p\u00eena la sosire \u00een Fran\u0163a (pentru persoanele cu v\u00e2rsta de peste 11 ani). Testul se accept\u0103 doar \u00een limba Englez\u0103\/Francez\u0103.<\/strong><\/li><li><strong>s\u0103 completeze declara\u021bia pe propria r\u0103spundere ce atest\u0103 absen\u021ba simptomelor de Covid \u0219i angajamentul de a se supune unui eventual test antigen\/examen medical la sosire \u00een Fran\u021ba, c\u00eet \u0219i angajamentul de autoizolare pentru 7 zile ( autozolarea \u00een spa\u021bii indicate de autorit\u0103\u021bile franceze nu se exclude), precum \u0219i de a efectua un test PCR la sf\u00e2r\u0219itul perioadei de izolare<\/strong><\/li><\/ul>\n\n\n\n<p><strong>Pasagerii ce nu vor prezenta rezultatul testului&nbsp;RT PCR COVID-19&nbsp;nu vor fi admi\u015fi la cursa. Far\u0103 test, pot fi accepta\u0163i doar pasagerii ce vor prezenta o scrisoare de derogare \u00een privin\u0163a testului primit de la ambasada francez\u0103.<\/strong><\/p>\n\n\n\n<p><strong>Deasemenea pasagerii trebuie s\u0103 completeze \u0219i semneze urm\u0103toarele declara\u0163ii, pe care le vor prezenta \u00een form\u0103 printat\u0103la \u00eenregistrare (check-in\/ boarding) \u00een aeroport, c\u00eet \u015fi autorit\u0103\u0163ilor franceze la sosire:<\/strong><\/p>\n\n\n\n<ul><li><strong>pentru cet\u0103\u021benii \u021b\u0103rilor UE (inclusiv cet\u0103\u021benii francezi):&nbsp;<\/strong><a rel=\"noreferrer noopener\" href=\"https:\/\/www.airmoldova.md\/static\/filemanager\/pdf\/Travel-Certificate-for-French-and-EU-citizens-EN.pdf\" target=\"_blank\"><strong>Fi\u0219ier 1 (ENG)<\/strong><\/a><strong>,&nbsp;<\/strong><a rel=\"noreferrer noopener\" href=\"https:\/\/www.airmoldova.md\/static\/filemanager\/pdf\/Travel-Certificate-for-French-and-EU-citizens-FR.pdf\" target=\"_blank\"><strong>Fi\u0219ier 1 (FRA)<\/strong><\/a><\/li><li><strong>pentru ceta\u021benii \u0163\u0103rilor non-UE:&nbsp;<\/strong><a rel=\"noreferrer noopener\" href=\"https:\/\/www.airmoldova.md\/static\/filemanager\/pdf\/Travel-Certificate-for-Third-country-citizens-EN.pdf\" target=\"_blank\"><strong>Fi\u0219ier 2 (ENG)<\/strong><\/a><strong>,&nbsp;<\/strong><a rel=\"noreferrer noopener\" href=\"https:\/\/www.airmoldova.md\/static\/filemanager\/pdf\/Travel-Certificate-for-Third-country-citizens-FR.pdf\" target=\"_blank\"><strong>Fi\u0219ier 2 (FRA)<\/strong><\/a><\/li><\/ul>\n\n\n\n<p><strong>Pentru informa\u021bie suplimentar\u0103 rug\u0103m sa accesa\u021bi&nbsp;<\/strong><a rel=\"noreferrer noopener\" href=\"https:\/\/www.interieur.gouv.fr\/Actualites\/L-actu-du-Ministere\/Attestation-de-deplacement-et-de-voyage\" target=\"_blank\"><strong>pagina web a Ministerului Intern al Fran\u021bei<\/strong><\/a><strong>.<\/strong><\/p>\n\n\n\n<hr class=\"wp-block-separator\"\/>\n\n\n\n<p><strong>Stima\u0163i pasageri, informa\u021biile despre regulile de zbor \u00een perioada de pandemie furnizate de compania aerian\u0103 sunt pur informative.<\/strong><\/p>\n\n\n\n<p><strong>V\u0103 rug\u0103m insistent s\u0103 verifica\u021bi adi\u021bional, informa\u021biile emise de c\u0103tre autorit\u0103\u021bile statului \u00een care inten\u021biona\u021bi s\u0103 c\u0103l\u0103tori\u021bi, sau s\u0103 tranzita\u021bi, despre toate restric\u021biile actuale de c\u0103l\u0103torie, sau de intrare impuse curent.<\/strong><br><br><strong>ACESTE REGULI SE POT MODIFICA ORIC\u00c2ND! RESTRIC\u021aIILE TREBUIE S\u0102 LE VERIFICA\u021aI CU AUTORIT\u0102\u021aILE RESPONSABILE!<\/strong><\/p>\n","protected":false},"excerpt":{"rendered":"<p>Stima\u0163i pasageri, \u00cencep\u00e2nd cu 31 ianuarie 2021, Fran\u021ba a \u00eenchis frontierele pentru c\u0103l\u0103toriile din\/\u00een afara spa\u021biului european, cu excep\u021bia urm\u0103toarelor categorii de persoane \u0219i motive de urgen\u021b\u0103. Persoanele care c\u0103l\u0103toresc &#8230;<\/p>\n","protected":false},"author":1,"featured_media":3448,"parent":0,"menu_order":0,"comment_status":"closed","ping_status":"closed","template":"","meta":[],"_links":{"self":[{"href":"https:\/\/laspalmas.md\/ru\/wp-json\/wp\/v2\/pages\/4548"}],"collection":[{"href":"https:\/\/laspalmas.md\/ru\/wp-json\/wp\/v2\/pages"}],"about":[{"href":"https:\/\/laspalmas.md\/ru\/wp-json\/wp\/v2\/types\/page"}],"author":[{"embeddable":true,"href":"https:\/\/laspalmas.md\/ru\/wp-json\/wp\/v2\/users\/1"}],"replies":[{"embeddable":true,"href":"https:\/\/laspalmas.md\/ru\/wp-json\/wp\/v2\/comments?post=4548"}],"version-history":[{"count":8,"href":"https:\/\/laspalmas.md\/ru\/wp-json\/wp\/v2\/pages\/4548\/revisions"}],"predecessor-version":[{"id":4590,"href":"https:\/\/laspalmas.md\/ru\/wp-json\/wp\/v2\/pages\/4548\/revisions\/4590"}],"wp:featuredmedia":[{"embeddable":true,"href":"https:\/\/laspalmas.md\/ru\/wp-json\/wp\/v2\/media\/3448"}],"wp:attachment":[{"href":"https:\/\/laspalmas.md\/ru\/wp-json\/wp\/v2\/media?parent=4548"}],"curies":[{"name":"wp","href":"https:\/\/api.w.org\/{rel}","templated":true}]}}